{"id":493,"date":"2025-02-05T16:50:45","date_gmt":"2025-02-05T15:50:45","guid":{"rendered":"https:\/\/www.frontsyndical.lu\/?post_type=mediatheques&#038;p=493"},"modified":"2025-02-07T07:28:13","modified_gmt":"2025-02-07T06:28:13","slug":"action-de-sensibilisation-du-secteur-de-commerce-devant-la-chambre-de-deputes","status":"publish","type":"mediatheques","link":"https:\/\/www.frontsyndical.lu\/fr\/mediatheques\/action-de-sensibilisation-du-secteur-de-commerce-devant-la-chambre-de-deputes\/","title":{"rendered":"Action de sensibilisation du secteur de commerce devant la Chambre de D\u00e9put\u00e9s"},"content":{"rendered":"<p><span class=\"yt-core-attributed-string yt-core-attributed-string--white-space-pre-wrap\" dir=\"auto\" role=\"text\"><span class=\"yt-core-attributed-string--link-inherit-color\" dir=\"auto\">Action de sensibilisation devant la Chambre de D\u00e9put\u00e9s pour attirer l\u2018attention des membres de la Commission du Travail sur les revendications des syndicats et des salari\u00e9s du secteur de commerce.<\/span><\/span><\/p>","protected":false},"author":3,"featured_media":494,"template":"","categorie_mediatheques":[8],"class_list":["post-493","mediatheques","type-mediatheques","status-publish","has-post-thumbnail","hentry","categorie_mediatheques-video"],"acf":[],"yoast_head":"<!-- This site is optimized with the Yoast SEO plugin v24.3 - https:\/\/yoast.com\/wordpress\/plugins\/seo\/ -->\n<title>Action de sensibilisation du secteur de commerce devant la Chambre de D\u00e9put\u00e9s  - Front Syndical<\/title>\n<meta name=\"robots\" content=\"index, follow, max-snippet:-1, max-image-preview:large, max-video-preview:-1\" \/>\n<link rel=\"canonical\" href=\"https:\/\/www.frontsyndical.lu\/fr\/mediatheques\/action-de-sensibilisation-du-secteur-de-commerce-devant-la-chambre-de-deputes\/\" \/>\n<meta property=\"og:locale\" content=\"fr_FR\" \/>\n<meta property=\"og:type\" content=\"article\" \/>\n<meta property=\"og:title\" content=\"Action de sensibilisation du secteur de commerce devant la Chambre de D\u00e9put\u00e9s  - Front Syndical\" \/>\n<meta property=\"og:description\" content=\"Action de sensibilisation devant la Chambre de D\u00e9put\u00e9s pour attirer l\u2018attention des membres de la Commission du Travail sur les revendications des syndicats et des salari\u00e9s du secteur de commerce.\" \/>\n<meta property=\"og:url\" content=\"https:\/\/www.frontsyndical.lu\/fr\/mediatheques\/action-de-sensibilisation-du-secteur-de-commerce-devant-la-chambre-de-deputes\/\" \/>\n<meta property=\"og:site_name\" content=\"Front Syndical\" \/>\n<meta property=\"article:modified_time\" content=\"2025-02-07T06:28:13+00:00\" \/>\n<meta property=\"og:image\" content=\"https:\/\/www.frontsyndical.lu\/wp-content\/uploads\/2025\/02\/2025-02-05-Piquet-OGBL-LCGB-CHD.00_00_02_28.Still001.jpg\" \/>\n\t<meta property=\"og:image:width\" content=\"1920\" \/>\n\t<meta property=\"og:image:height\" content=\"1080\" \/>\n\t<meta property=\"og:image:type\" content=\"image\/jpeg\" \/>\n<meta name=\"twitter:card\" content=\"summary_large_image\" \/>\n<meta name=\"twitter:label1\" content=\"Dur\u00e9e de lecture estim\u00e9e\" \/>\n\t<meta name=\"twitter:data1\" content=\"1 minute\" \/>\n<script type=\"application\/ld+json\" class=\"yoast-schema-graph\">{\"@context\":\"https:\/\/schema.org\",\"@graph\":[{\"@type\":\"WebPage\",\"@id\":\"https:\/\/www.frontsyndical.lu\/fr\/mediatheques\/action-de-sensibilisation-du-secteur-de-commerce-devant-la-chambre-de-deputes\/\",\"url\":\"https:\/\/www.frontsyndical.lu\/fr\/mediatheques\/action-de-sensibilisation-du-secteur-de-commerce-devant-la-chambre-de-deputes\/\",\"name\":\"Action de sensibilisation du secteur de commerce devant la Chambre de D\u00e9put\u00e9s  - Front Syndical\",\"isPartOf\":{\"@id\":\"https:\/\/www.frontsyndical.lu\/fr\/#website\"},\"primaryImageOfPage\":{\"@id\":\"https:\/\/www.frontsyndical.lu\/fr\/mediatheques\/action-de-sensibilisation-du-secteur-de-commerce-devant-la-chambre-de-deputes\/#primaryimage\"},\"image\":{\"@id\":\"https:\/\/www.frontsyndical.lu\/mediatheques\/action-de-sensibilisation-du-secteur-de-commerce-devant-la-chambre-de-deputes\/#primaryimage\"},\"thumbnailUrl\":\"https:\/\/www.frontsyndical.lu\/wp-content\/uploads\/2025\/02\/2025-02-05-Piquet-OGBL-LCGB-CHD.00_00_02_28.Still001.jpg\",\"datePublished\":\"2025-02-05T15:50:45+00:00\",\"dateModified\":\"2025-02-07T06:28:13+00:00\",\"breadcrumb\":{\"@id\":\"https:\/\/www.frontsyndical.lu\/fr\/mediatheques\/action-de-sensibilisation-du-secteur-de-commerce-devant-la-chambre-de-deputes\/#breadcrumb\"},\"inLanguage\":\"fr-FR\",\"potentialAction\":[{\"@type\":\"ReadAction\",\"target\":[[\"https:\/\/www.frontsyndical.lu\/fr\/mediatheques\/action-de-sensibilisation-du-secteur-de-commerce-devant-la-chambre-de-deputes\/\"]]}]},{\"@type\":\"ImageObject\",\"inLanguage\":\"fr-FR\",\"@id\":\"https:\/\/www.frontsyndical.lu\/fr\/mediatheques\/action-de-sensibilisation-du-secteur-de-commerce-devant-la-chambre-de-deputes\/#primaryimage\",\"url\":\"https:\/\/www.frontsyndical.lu\/wp-content\/uploads\/2025\/02\/2025-02-05-Piquet-OGBL-LCGB-CHD.00_00_02_28.Still001.jpg\",\"contentUrl\":\"https:\/\/www.frontsyndical.lu\/wp-content\/uploads\/2025\/02\/2025-02-05-Piquet-OGBL-LCGB-CHD.00_00_02_28.Still001.jpg\",\"width\":1920,\"height\":1080},{\"@type\":\"BreadcrumbList\",\"@id\":\"https:\/\/www.frontsyndical.lu\/fr\/mediatheques\/action-de-sensibilisation-du-secteur-de-commerce-devant-la-chambre-de-deputes\/#breadcrumb\",\"itemListElement\":[{\"@type\":\"ListItem\",\"position\":1,\"name\":\"Accueil\",\"item\":\"https:\/\/www.frontsyndical.lu\/fr\/\"},{\"@type\":\"ListItem\",\"position\":2,\"name\":\"Action de sensibilisation du secteur de commerce devant la Chambre de D\u00e9put\u00e9s\"}]},{\"@type\":\"WebSite\",\"@id\":\"https:\/\/www.frontsyndical.lu\/fr\/#website\",\"url\":\"https:\/\/www.frontsyndical.lu\/fr\/\",\"name\":\"Front Syndical\",\"description\":\"[:fr]Campagne commune de l&#039;OGBL et du LCGB[:de]Gemeinsame Kampagne des OGBL und des LCGB[:]\",\"publisher\":{\"@id\":\"https:\/\/www.frontsyndical.lu\/fr\/#organization\"},\"potentialAction\":[{\"@type\":\"SearchAction\",\"target\":{\"@type\":\"EntryPoint\",\"urlTemplate\":\"https:\/\/www.frontsyndical.lu\/fr\/?s={search_term_string}\"},\"query-input\":{\"@type\":\"PropertyValueSpecification\",\"valueRequired\":true,\"valueName\":\"search_term_string\"}}],\"inLanguage\":\"fr-FR\"},{\"@type\":\"Organization\",\"@id\":\"https:\/\/www.frontsyndical.lu\/fr\/#organization\",\"name\":\"Front Syndical\",\"url\":\"https:\/\/www.frontsyndical.lu\/fr\/\",\"logo\":{\"@type\":\"ImageObject\",\"inLanguage\":\"fr-FR\",\"@id\":\"https:\/\/www.frontsyndical.lu\/fr\/#\/schema\/logo\/image\/\",\"url\":\"https:\/\/www.frontsyndical.lu\/wp-content\/uploads\/2025\/01\/cropped-OGBL-LCGB_LogoCommun_Hori.png\",\"contentUrl\":\"https:\/\/www.frontsyndical.lu\/wp-content\/uploads\/2025\/01\/cropped-OGBL-LCGB_LogoCommun_Hori.png\",\"width\":1182,\"height\":127,\"caption\":\"Front Syndical\"},\"image\":{\"@id\":\"https:\/\/www.frontsyndical.lu\/fr\/#\/schema\/logo\/image\/\"}}]}<\/script>\n<!-- \/ Yoast SEO plugin. -->","yoast_head_json":{"title":"Action de sensibilisation du secteur de commerce devant la Chambre de D\u00e9put\u00e9s  - Front Syndical","robots":{"index":"index","follow":"follow","max-snippet":"max-snippet:-1","max-image-preview":"max-image-preview:large","max-video-preview":"max-video-preview:-1"},"canonical":"https:\/\/www.frontsyndical.lu\/fr\/mediatheques\/action-de-sensibilisation-du-secteur-de-commerce-devant-la-chambre-de-deputes\/","og_locale":"fr_FR","og_type":"article","og_title":"Action de sensibilisation du secteur de commerce devant la Chambre de D\u00e9put\u00e9s  - Front Syndical","og_description":"Action de sensibilisation devant la Chambre de D\u00e9put\u00e9s pour attirer l\u2018attention des membres de la Commission du Travail sur les revendications des syndicats et des salari\u00e9s du secteur de commerce.","og_url":"https:\/\/www.frontsyndical.lu\/fr\/mediatheques\/action-de-sensibilisation-du-secteur-de-commerce-devant-la-chambre-de-deputes\/","og_site_name":"Front Syndical","article_modified_time":"2025-02-07T06:28:13+00:00","og_image":[{"width":1920,"height":1080,"url":"https:\/\/www.frontsyndical.lu\/wp-content\/uploads\/2025\/02\/2025-02-05-Piquet-OGBL-LCGB-CHD.00_00_02_28.Still001.jpg","type":"image\/jpeg"}],"twitter_card":"summary_large_image","twitter_misc":{"Dur\u00e9e de lecture estim\u00e9e":"1 minute"},"schema":{"@context":"https:\/\/schema.org","@graph":[{"@type":"WebPage","@id":"https:\/\/www.frontsyndical.lu\/fr\/mediatheques\/action-de-sensibilisation-du-secteur-de-commerce-devant-la-chambre-de-deputes\/","url":"https:\/\/www.frontsyndical.lu\/fr\/mediatheques\/action-de-sensibilisation-du-secteur-de-commerce-devant-la-chambre-de-deputes\/","name":"Action de sensibilisation du secteur de commerce devant la Chambre de D\u00e9put\u00e9s  - Front Syndical","isPartOf":{"@id":"https:\/\/www.frontsyndical.lu\/fr\/#website"},"primaryImageOfPage":{"@id":"https:\/\/www.frontsyndical.lu\/fr\/mediatheques\/action-de-sensibilisation-du-secteur-de-commerce-devant-la-chambre-de-deputes\/#primaryimage"},"image":{"@id":"https:\/\/www.frontsyndical.lu\/mediatheques\/action-de-sensibilisation-du-secteur-de-commerce-devant-la-chambre-de-deputes\/#primaryimage"},"thumbnailUrl":"https:\/\/www.frontsyndical.lu\/wp-content\/uploads\/2025\/02\/2025-02-05-Piquet-OGBL-LCGB-CHD.00_00_02_28.Still001.jpg","datePublished":"2025-02-05T15:50:45+00:00","dateModified":"2025-02-07T06:28:13+00:00","breadcrumb":{"@id":"https:\/\/www.frontsyndical.lu\/fr\/mediatheques\/action-de-sensibilisation-du-secteur-de-commerce-devant-la-chambre-de-deputes\/#breadcrumb"},"inLanguage":"fr-FR","potentialAction":[{"@type":"ReadAction","target":[["https:\/\/www.frontsyndical.lu\/fr\/mediatheques\/action-de-sensibilisation-du-secteur-de-commerce-devant-la-chambre-de-deputes\/"]]}]},{"@type":"ImageObject","inLanguage":"fr-FR","@id":"https:\/\/www.frontsyndical.lu\/fr\/mediatheques\/action-de-sensibilisation-du-secteur-de-commerce-devant-la-chambre-de-deputes\/#primaryimage","url":"https:\/\/www.frontsyndical.lu\/wp-content\/uploads\/2025\/02\/2025-02-05-Piquet-OGBL-LCGB-CHD.00_00_02_28.Still001.jpg","contentUrl":"https:\/\/www.frontsyndical.lu\/wp-content\/uploads\/2025\/02\/2025-02-05-Piquet-OGBL-LCGB-CHD.00_00_02_28.Still001.jpg","width":1920,"height":1080},{"@type":"BreadcrumbList","@id":"https:\/\/www.frontsyndical.lu\/fr\/mediatheques\/action-de-sensibilisation-du-secteur-de-commerce-devant-la-chambre-de-deputes\/#breadcrumb","itemListElement":[{"@type":"ListItem","position":1,"name":"Accueil","item":"https:\/\/www.frontsyndical.lu\/fr\/"},{"@type":"ListItem","position":2,"name":"Action de sensibilisation du secteur de commerce devant la Chambre de D\u00e9put\u00e9s"}]},{"@type":"WebSite","@id":"https:\/\/www.frontsyndical.lu\/fr\/#website","url":"https:\/\/www.frontsyndical.lu\/fr\/","name":"Front Syndical","description":"[:fr]Campagne commune de l&#039;OGBL et du LCGB[:de]Gemeinsame Kampagne des OGBL und des LCGB[:]","publisher":{"@id":"https:\/\/www.frontsyndical.lu\/fr\/#organization"},"potentialAction":[{"@type":"SearchAction","target":{"@type":"EntryPoint","urlTemplate":"https:\/\/www.frontsyndical.lu\/fr\/?s={search_term_string}"},"query-input":{"@type":"PropertyValueSpecification","valueRequired":true,"valueName":"search_term_string"}}],"inLanguage":"fr-FR"},{"@type":"Organization","@id":"https:\/\/www.frontsyndical.lu\/fr\/#organization","name":"Front Syndical","url":"https:\/\/www.frontsyndical.lu\/fr\/","logo":{"@type":"ImageObject","inLanguage":"fr-FR","@id":"https:\/\/www.frontsyndical.lu\/fr\/#\/schema\/logo\/image\/","url":"https:\/\/www.frontsyndical.lu\/wp-content\/uploads\/2025\/01\/cropped-OGBL-LCGB_LogoCommun_Hori.png","contentUrl":"https:\/\/www.frontsyndical.lu\/wp-content\/uploads\/2025\/01\/cropped-OGBL-LCGB_LogoCommun_Hori.png","width":1182,"height":127,"caption":"Front Syndical"},"image":{"@id":"https:\/\/www.frontsyndical.lu\/fr\/#\/schema\/logo\/image\/"}}]}},"_links":{"self":[{"href":"https:\/\/www.frontsyndical.lu\/fr\/wp-json\/wp\/v2\/mediatheques\/493","targetHints":{"allow":["GET"]}}],"collection":[{"href":"https:\/\/www.frontsyndical.lu\/fr\/wp-json\/wp\/v2\/mediatheques"}],"about":[{"href":"https:\/\/www.frontsyndical.lu\/fr\/wp-json\/wp\/v2\/types\/mediatheques"}],"author":[{"embeddable":true,"href":"https:\/\/www.frontsyndical.lu\/fr\/wp-json\/wp\/v2\/users\/3"}],"wp:featuredmedia":[{"embeddable":true,"href":"https:\/\/www.frontsyndical.lu\/fr\/wp-json\/wp\/v2\/media\/494"}],"wp:attachment":[{"href":"https:\/\/www.frontsyndical.lu\/fr\/wp-json\/wp\/v2\/media?parent=493"}],"wp:term":[{"taxonomy":"categorie_mediatheques","embeddable":true,"href":"https:\/\/www.frontsyndical.lu\/fr\/wp-json\/wp\/v2\/categorie_mediatheques?post=493"}],"curies":[{"name":"wp","href":"https:\/\/api.w.org\/{rel}","templated":true}]}}